{"id":87113,"date":"2020-10-10T23:22:50","date_gmt":"2020-10-10T23:22:50","guid":{"rendered":"https:\/\/1875.lu\/societe\/equipe-et-carriere\/1875-capital\/"},"modified":"2024-07-18T08:10:39","modified_gmt":"2024-07-18T08:10:39","slug":"1875-capital","status":"publish","type":"page","link":"https:\/\/1875.lu\/fr\/societe\/equipe-et-carriere\/1875-capital\/","title":{"rendered":"1875 Capital"},"content":{"rendered":"<div class=\"wpb-content-wrapper\"><p>[vc_row row_height_percent=\u00a0\u00bb0&Prime; override_padding=\u00a0\u00bbyes\u00a0\u00bb h_padding=\u00a0\u00bb2&Prime; top_padding=\u00a0\u00bb5&Prime; bottom_padding=\u00a0\u00bb2&Prime; overlay_alpha=\u00a0\u00bb50&Prime; gutter_size=\u00a0\u00bb3&Prime; column_width_percent=\u00a0\u00bb100&Prime; shift_y=\u00a0\u00bb0&Prime; z_index=\u00a0\u00bb0&Prime;][vc_column column_width_percent=\u00a0\u00bb100&Prime; align_horizontal=\u00a0\u00bbalign_center\u00a0\u00bb gutter_size=\u00a0\u00bb3&Prime; overlay_alpha=\u00a0\u00bb50&Prime; shift_x=\u00a0\u00bb0&Prime; shift_y=\u00a0\u00bb0&Prime; shift_y_down=\u00a0\u00bb0&Prime; z_index=\u00a0\u00bb0&Prime; medium_width=\u00a0\u00bb0&Prime; mobile_width=\u00a0\u00bb0&Prime; width=\u00a0\u00bb1\/1&Prime;][vc_custom_heading heading_semantic=\u00a0\u00bbh1&Prime; separator_color=\u00a0\u00bbyes\u00a0\u00bb separator=\u00a0\u00bbyes\u00a0\u00bb sub_lead=\u00a0\u00bbyes\u00a0\u00bb css_animation=\u00a0\u00bbcurtain\u00a0\u00bb animation_delay=\u00a0\u00bb200&Prime;]Soci\u00e9t\u00e9:<br \/>\nEthique et excellence[\/vc_custom_heading][\/vc_column][\/vc_row][vc_row row_height_percent=\u00a0\u00bb0&Prime; overlay_alpha=\u00a0\u00bb50&Prime; gutter_size=\u00a0\u00bb3&Prime; column_width_percent=\u00a0\u00bb100&Prime; shift_y=\u00a0\u00bb0&Prime; z_index=\u00a0\u00bb0&Prime;][vc_column width=\u00a0\u00bb1\/1&Prime;][vc_column_text]<\/p>\n<h4>N\u00e9e de l\u2019exp\u00e9rience commune de ses fondateurs au sein de la m\u00eame banque,\u00a0<strong>1875 FINANCE<\/strong>\u00a0repose sur un esprit d\u2019\u00e9quipe ind\u00e9fectible garantissant une coh\u00e9sion constante et une responsabilit\u00e9 partag\u00e9e dans les choix strat\u00e9giques et le conseil \u00e0 la client\u00e8le.<\/h4>\n<p>[\/vc_column_text][\/vc_column][\/vc_row][vc_row row_height_percent=\u00a0\u00bb0&Prime; overlay_alpha=\u00a0\u00bb50&Prime; gutter_size=\u00a0\u00bb3&Prime; column_width_percent=\u00a0\u00bb100&Prime; shift_y=\u00a0\u00bb0&Prime; z_index=\u00a0\u00bb0&Prime;][vc_column column_width_percent=\u00a0\u00bb100&Prime; gutter_size=\u00a0\u00bb3&Prime; overlay_alpha=\u00a0\u00bb50&Prime; shift_x=\u00a0\u00bb0&Prime; shift_y=\u00a0\u00bb0&Prime; shift_y_down=\u00a0\u00bb0&Prime; z_index=\u00a0\u00bb0&Prime; medium_width=\u00a0\u00bb0&Prime; mobile_width=\u00a0\u00bb0&Prime; width=\u00a0\u00bb1\/1&Prime;][vc_custom_heading heading_semantic=\u00a0\u00bbh1&Prime; separator_color=\u00a0\u00bbyes\u00a0\u00bb separator=\u00a0\u00bbyes\u00a0\u00bb sub_lead=\u00a0\u00bbyes\u00a0\u00bb]<\/p>\n<h3 class=\"widget-title\">1875 CAPITAL<\/h3>\n<p>[\/vc_custom_heading][\/vc_column][\/vc_row][vc_row row_height_percent=\u00a0\u00bb50&Prime; overlay_alpha=\u00a0\u00bb50&Prime; gutter_size=\u00a0\u00bb4&Prime; column_width_percent=\u00a0\u00bb100&Prime; shift_y=\u00a0\u00bb0&Prime; z_index=\u00a0\u00bb0&Prime; el_class=\u00a0\u00bbinverted-device-order\u00a0\u00bb][vc_column width=\u00a0\u00bb1\/2&Prime;][vc_single_image media=\u00a0\u00bb87451&Prime; media_width_percent=\u00a0\u00bb100&Prime; media_ratio=\u00a0\u00bbone-one\u00a0\u00bb shadow=\u00a0\u00bbyes\u00a0\u00bb shadow_weight=\u00a0\u00bbstd\u00a0\u00bb shadow_darker=\u00a0\u00bbyes\u00a0\u00bb uncode_shortcode_id=\u00a0\u00bb187457&Prime;][\/vc_column][vc_column column_width_use_pixel=\u00a0\u00bbyes\u00a0\u00bb position_vertical=\u00a0\u00bbmiddle\u00a0\u00bb gutter_size=\u00a0\u00bb3&Prime; overlay_alpha=\u00a0\u00bb50&Prime; shift_x=\u00a0\u00bb0&Prime; shift_y=\u00a0\u00bb0&Prime; shift_y_down=\u00a0\u00bb0&Prime; z_index=\u00a0\u00bb0&Prime; medium_width=\u00a0\u00bb0&Prime; mobile_width=\u00a0\u00bb0&Prime; width=\u00a0\u00bb1\/2&Prime; column_width_pixel=\u00a0\u00bb900&Prime;][vc_custom_heading text_color=\u00a0\u00bbaccent\u00a0\u00bb heading_semantic=\u00a0\u00bbh6&Prime; text_size=\u00a0\u00bbfontsize-160000&Prime; text_transform=\u00a0\u00bbuppercase\u00a0\u00bb text_space=\u00a0\u00bbfontspace-210350&Prime;]ASSOCI\u00c9 \u2013 CLIENT\u00c8LE PRIV\u00c9E[\/vc_custom_heading][vc_custom_heading heading_semantic=\u00a0\u00bbh3&Prime; text_size=\u00a0\u00bbh3&Prime; uncode_shortcode_id=\u00a0\u00bb127678&Prime;]Fr\u00e9d\u00e9ric Binggeli[\/vc_custom_heading][vc_column_text uncode_shortcode_id=\u00a0\u00bb207930&Prime;]Fr\u00e9d\u00e9ric Binggeli, qui a pass\u00e9 plus de 35 ans au sein de trois des plus prestigieux \u00e9tablissements bancaires en Suisse Pictet, Rothschild, Lombard Odier, dans l\u2019investissement et la gestion patrimoniale pour une client\u00e8le sophistiqu\u00e9e, a choisi de rejoindre 1875 Finance pour se consacrer aux trois domaines cl\u00e9s de la soci\u00e9t\u00e9, recherch\u00e9s par ses clients, \u00e0 savoir\u00a0:<\/p>\n<ul>\n<li>L\u2019architecture ouverte et la s\u00e9lection des investissements c\u00f4t\u00e9s et non c\u00f4t\u00e9s,<\/li>\n<li>les activit\u00e9s de structuration patrimoniale, fiscale et successorale,<\/li>\n<li>le conseil en immobilier<\/li>\n<\/ul>\n<p>Son exp\u00e9rience largement reconnue le conduit aujourd\u2019hui \u00e0 se placer dans un r\u00f4le de conseiller ind\u00e9pendant aupr\u00e8s de familles ainsi qu\u2019\u00e0 apporter une nouvelle expertise au sein de 1875 Finance, un des plus importants acteurs en Europe, pour ses activit\u00e9s\u00a0de Multi Family Office et de gestion de patrimoines priv\u00e9s.[\/vc_column_text][\/vc_column][\/vc_row][vc_row row_height_percent=\u00a0\u00bb50&Prime; overlay_alpha=\u00a0\u00bb50&Prime; gutter_size=\u00a0\u00bb4&Prime; column_width_percent=\u00a0\u00bb100&Prime; shift_y=\u00a0\u00bb0&Prime; z_index=\u00a0\u00bb0&Prime; el_class=\u00a0\u00bbinverted-device-order\u00a0\u00bb][vc_column width=\u00a0\u00bb1\/2&Prime;][vc_single_image media=\u00a0\u00bb83706&Prime; media_width_percent=\u00a0\u00bb100&Prime; media_ratio=\u00a0\u00bbone-one\u00a0\u00bb shadow=\u00a0\u00bbyes\u00a0\u00bb shadow_weight=\u00a0\u00bbstd\u00a0\u00bb shadow_darker=\u00a0\u00bbyes\u00a0\u00bb][\/vc_column][vc_column column_width_use_pixel=\u00a0\u00bbyes\u00a0\u00bb position_vertical=\u00a0\u00bbmiddle\u00a0\u00bb gutter_size=\u00a0\u00bb3&Prime; overlay_alpha=\u00a0\u00bb50&Prime; shift_x=\u00a0\u00bb0&Prime; shift_y=\u00a0\u00bb0&Prime; shift_y_down=\u00a0\u00bb0&Prime; z_index=\u00a0\u00bb0&Prime; medium_width=\u00a0\u00bb0&Prime; mobile_width=\u00a0\u00bb0&Prime; width=\u00a0\u00bb1\/2&Prime; column_width_pixel=\u00a0\u00bb900&Prime;][vc_custom_heading text_color=\u00a0\u00bbaccent\u00a0\u00bb heading_semantic=\u00a0\u00bbh6&Prime; text_size=\u00a0\u00bbfontsize-160000&Prime; text_transform=\u00a0\u00bbuppercase\u00a0\u00bb text_space=\u00a0\u00bbfontspace-210350&Prime;]ASSOCI\u00c9 \u2013 CLIENT\u00c8LE PRIV\u00c9E[\/vc_custom_heading][vc_custom_heading heading_semantic=\u00a0\u00bbh3&Prime; text_size=\u00a0\u00bbh3&Prime;]Michel Alain Bizon[\/vc_custom_heading][vc_column_text]Michel Alain Bizon commence sa carri\u00e8re en 1981 au sein du d\u00e9partement n\u00e9goce international de BNP Paribas (Suisse). En 1984, il entre dans le d\u00e9partement Client\u00e8le Grandes Entreprises de Royal Bank of Canada (Suisse), et passe notamment deux ann\u00e9es \u00e0 Toronto et \u00e0 Montr\u00e9al. De 1991 \u00e0 1997, il rejoint le groupe Cr\u00e9dit Suisse, \u00e0 Gen\u00e8ve et Zurich, comme Membre de Direction, Client\u00e8le Grandes Entreprises et ensuite Chef de Division Relations Bancaires Suisse Romande. Il retrouve ensuite Royal Bank of Canada (Suisse) comme Membre de Direction du d\u00e9partement Gestion Priv\u00e9e. D\u00e8s 2003, il rejoint le d\u00e9partement de Gestion Priv\u00e9e de Mirabaud &amp; Cie SA, avec le titre de Directeur adjoint.<\/p>\n<p>Il quitte la Banque en 2014 pour rejoindre 1875 FINANCE.[\/vc_column_text][\/vc_column][\/vc_row][vc_row row_height_percent=\u00a0\u00bb50&Prime; overlay_alpha=\u00a0\u00bb50&Prime; gutter_size=\u00a0\u00bb4&Prime; column_width_percent=\u00a0\u00bb100&Prime; shift_y=\u00a0\u00bb0&Prime; z_index=\u00a0\u00bb0&Prime; el_class=\u00a0\u00bbinverted-device-order\u00a0\u00bb][vc_column width=\u00a0\u00bb1\/2&Prime;][vc_single_image media=\u00a0\u00bb82977&Prime; media_width_percent=\u00a0\u00bb100&Prime; media_ratio=\u00a0\u00bbone-one\u00a0\u00bb shadow=\u00a0\u00bbyes\u00a0\u00bb shadow_weight=\u00a0\u00bbstd\u00a0\u00bb shadow_darker=\u00a0\u00bbyes\u00a0\u00bb][\/vc_column][vc_column column_width_use_pixel=\u00a0\u00bbyes\u00a0\u00bb position_vertical=\u00a0\u00bbmiddle\u00a0\u00bb gutter_size=\u00a0\u00bb3&Prime; overlay_alpha=\u00a0\u00bb50&Prime; shift_x=\u00a0\u00bb0&Prime; shift_y=\u00a0\u00bb0&Prime; shift_y_down=\u00a0\u00bb0&Prime; z_index=\u00a0\u00bb0&Prime; medium_width=\u00a0\u00bb0&Prime; mobile_width=\u00a0\u00bb0&Prime; width=\u00a0\u00bb1\/2&Prime; column_width_pixel=\u00a0\u00bb900&Prime;][vc_custom_heading text_color=\u00a0\u00bbaccent\u00a0\u00bb heading_semantic=\u00a0\u00bbh6&Prime; text_size=\u00a0\u00bbfontsize-160000&Prime; text_transform=\u00a0\u00bbuppercase\u00a0\u00bb text_space=\u00a0\u00bbfontspace-210350&Prime; uncode_shortcode_id=\u00a0\u00bb314546&Prime; text_color_type=\u00a0\u00bbuncode-palette\u00a0\u00bb]ASSOCI\u00c9 \u2013 RESPONSABLE LEGAL[\/vc_custom_heading][vc_custom_heading heading_semantic=\u00a0\u00bbh3&Prime; text_size=\u00a0\u00bbh3&Prime;]<span lang=\"DE-CH\">Christophe Germain<\/span>[\/vc_custom_heading][vc_column_text]Christophe Germain obtient son brevet d\u2019avocat en 1993, apr\u00e8s un stage aupr\u00e8s de Me Denis Oswald, ancien B\u00e2tonnier de l\u2019Ordre des Avocats neuch\u00e2telois. Fin 1993, il d\u00e9bute au sein du groupe fiduciaire Fiduconsult SA, en qualit\u00e9 d\u2019avocat-conseil, puis est nomm\u00e9 Responsable de la succursale de Neuch\u00e2tel et Responsable juridique pour la Suisse romande. En avril 2000, il rejoint UBS SA, en qualit\u00e9 de Conseiller juridique pour le Private Banking Suisse romande. En septembre 2000, il reprend la direction juridique de Ferrier Lullin &amp; Cie SA, banque priv\u00e9e membre du groupe UBS, en qualit\u00e9 de Membre de la Direction.[\/vc_column_text][\/vc_column][\/vc_row][vc_row row_height_percent=\u00a0\u00bb50&Prime; overlay_alpha=\u00a0\u00bb50&Prime; gutter_size=\u00a0\u00bb4&Prime; column_width_percent=\u00a0\u00bb100&Prime; shift_y=\u00a0\u00bb0&Prime; z_index=\u00a0\u00bb0&Prime; el_class=\u00a0\u00bbinverted-device-order\u00a0\u00bb][vc_column width=\u00a0\u00bb1\/2&Prime;][vc_single_image media=\u00a0\u00bb83694&Prime; media_width_percent=\u00a0\u00bb100&Prime; media_ratio=\u00a0\u00bbone-one\u00a0\u00bb shadow=\u00a0\u00bbyes\u00a0\u00bb shadow_weight=\u00a0\u00bbstd\u00a0\u00bb shadow_darker=\u00a0\u00bbyes\u00a0\u00bb][\/vc_column][vc_column column_width_use_pixel=\u00a0\u00bbyes\u00a0\u00bb position_vertical=\u00a0\u00bbmiddle\u00a0\u00bb gutter_size=\u00a0\u00bb3&Prime; overlay_alpha=\u00a0\u00bb50&Prime; shift_x=\u00a0\u00bb0&Prime; shift_y=\u00a0\u00bb0&Prime; shift_y_down=\u00a0\u00bb0&Prime; z_index=\u00a0\u00bb0&Prime; medium_width=\u00a0\u00bb0&Prime; mobile_width=\u00a0\u00bb0&Prime; width=\u00a0\u00bb1\/2&Prime; column_width_pixel=\u00a0\u00bb900&Prime;][vc_custom_heading text_color=\u00a0\u00bbaccent\u00a0\u00bb heading_semantic=\u00a0\u00bbh6&Prime; text_size=\u00a0\u00bbfontsize-160000&Prime; text_transform=\u00a0\u00bbuppercase\u00a0\u00bb text_space=\u00a0\u00bbfontspace-210350&Prime;]ASSOCI\u00c9 \u2013 CLIENT\u00c8LE PRIV\u00c9E[\/vc_custom_heading][vc_custom_heading heading_semantic=\u00a0\u00bbh3&Prime; text_size=\u00a0\u00bbh3&Prime;]Marc Luthi[\/vc_custom_heading][vc_column_text]Marc Luthi d\u00e9bute sa carri\u00e8re en 1983 chez Flemings en tant que conseiller sur les march\u00e9s asiatiques. Il rejoint ensuite comme analyste M&amp;A la soci\u00e9t\u00e9 Ernst &amp; Young, o\u00f9 il participe dans l\u2019ex\u00e9cution de transactions transatlantiques. D\u00e8s 1997, il assume la direction des march\u00e9s des capitaux aupr\u00e8s d\u2019une banque genevoise, puis codirige une fiduciaire de la place sp\u00e9cialis\u00e9e dans l\u2019ing\u00e9nierie patrimoniale. Il participe en 2004 \u00e0 la cr\u00e9ation d\u2019une banque priv\u00e9e en qualit\u00e9 de Vice-Pr\u00e9sident du Directoire et responsable du Private Banking.<\/p>\n<p>Il rejoint 1875 FINANCE en 2014.[\/vc_column_text][\/vc_column][\/vc_row][vc_row row_height_percent=\u00a0\u00bb50&Prime; overlay_alpha=\u00a0\u00bb50&Prime; gutter_size=\u00a0\u00bb4&Prime; column_width_percent=\u00a0\u00bb100&Prime; shift_y=\u00a0\u00bb0&Prime; z_index=\u00a0\u00bb0&Prime; el_class=\u00a0\u00bbinverted-device-order\u00a0\u00bb][vc_column width=\u00a0\u00bb1\/2&Prime;][vc_single_image media=\u00a0\u00bb87553&Prime; media_width_percent=\u00a0\u00bb100&Prime; media_ratio=\u00a0\u00bbone-one\u00a0\u00bb shadow=\u00a0\u00bbyes\u00a0\u00bb shadow_weight=\u00a0\u00bbstd\u00a0\u00bb shadow_darker=\u00a0\u00bbyes\u00a0\u00bb uncode_shortcode_id=\u00a0\u00bb156778&Prime;][\/vc_column][vc_column column_width_use_pixel=\u00a0\u00bbyes\u00a0\u00bb position_vertical=\u00a0\u00bbmiddle\u00a0\u00bb gutter_size=\u00a0\u00bb3&Prime; overlay_alpha=\u00a0\u00bb50&Prime; shift_x=\u00a0\u00bb0&Prime; shift_y=\u00a0\u00bb0&Prime; shift_y_down=\u00a0\u00bb0&Prime; z_index=\u00a0\u00bb0&Prime; medium_width=\u00a0\u00bb0&Prime; mobile_width=\u00a0\u00bb0&Prime; width=\u00a0\u00bb1\/2&Prime; column_width_pixel=\u00a0\u00bb900&Prime;][vc_custom_heading text_color=\u00a0\u00bbaccent\u00a0\u00bb heading_semantic=\u00a0\u00bbh6&Prime; text_size=\u00a0\u00bbfontsize-160000&Prime; text_transform=\u00a0\u00bbuppercase\u00a0\u00bb text_space=\u00a0\u00bbfontspace-210350&Prime; uncode_shortcode_id=\u00a0\u00bb451877&Prime; text_color_type=\u00a0\u00bbuncode-palette\u00a0\u00bb]Associ\u00e9 \u2013 Chief Investment Officer[\/vc_custom_heading][vc_custom_heading heading_semantic=\u00a0\u00bbh3&Prime; text_size=\u00a0\u00bbh3&Prime; uncode_shortcode_id=\u00a0\u00bb167762&Prime;]Lo\u00efc Schmid[\/vc_custom_heading][vc_column_text uncode_shortcode_id=\u00a0\u00bb188691&Prime;]Lo\u00efc Schmid a d\u00e9marr\u00e9 sa carri\u00e8re dans l\u2019\u00e9quipe de gestion institutionnelle de Lombard Odier \u00e0 Gen\u00e8ve et \u00e0 Zurich en 2001. En 2006, il rejoint la banque B\u00e9n\u00e9dict Hentsch fra\u00eechement cr\u00e9\u00e9e comme g\u00e9rant de portefeuille senior. Il occupera divers r\u00f4les d\u00e9terminant dans le d\u00e9veloppement de la Banque dont la mise en place de la gestion centralis\u00e9e, la cr\u00e9ation et la gestion de fonds, trader pour compte propre et strat\u00e9giste. Entrepreneur dans l\u2019\u00e2me, en 2012 il quitte la banque pour cofonder le m\u00e9dia financer investir.ch devenu rapidement un site r\u00e9f\u00e9rence au sein de la place financi\u00e8re suisse et cofonde le groupe d\u2019\u00e9conomistes Les Econoclastes. En 2014, il devient Head of Portfolio Management chez Sequoia Asset Management. En 2015, il est nomm\u00e9 CIO et membre de la Direction chez GS BANQUE SA.[\/vc_column_text][\/vc_column][\/vc_row][vc_row row_height_percent=\u00a0\u00bb50&Prime; overlay_alpha=\u00a0\u00bb50&Prime; gutter_size=\u00a0\u00bb4&Prime; column_width_percent=\u00a0\u00bb100&Prime; shift_y=\u00a0\u00bb0&Prime; z_index=\u00a0\u00bb0&Prime; el_class=\u00a0\u00bbinverted-device-order\u00a0\u00bb][vc_column width=\u00a0\u00bb1\/2&Prime;][vc_single_image media=\u00a0\u00bb83985&Prime; media_width_percent=\u00a0\u00bb100&Prime; media_ratio=\u00a0\u00bbone-one\u00a0\u00bb shadow=\u00a0\u00bbyes\u00a0\u00bb shadow_weight=\u00a0\u00bbstd\u00a0\u00bb shadow_darker=\u00a0\u00bbyes\u00a0\u00bb][\/vc_column][vc_column column_width_use_pixel=\u00a0\u00bbyes\u00a0\u00bb position_vertical=\u00a0\u00bbmiddle\u00a0\u00bb gutter_size=\u00a0\u00bb3&Prime; overlay_alpha=\u00a0\u00bb50&Prime; shift_x=\u00a0\u00bb0&Prime; shift_y=\u00a0\u00bb0&Prime; shift_y_down=\u00a0\u00bb0&Prime; z_index=\u00a0\u00bb0&Prime; medium_width=\u00a0\u00bb0&Prime; mobile_width=\u00a0\u00bb0&Prime; width=\u00a0\u00bb1\/2&Prime; column_width_pixel=\u00a0\u00bb900&Prime;][vc_custom_heading text_color=\u00a0\u00bbaccent\u00a0\u00bb heading_semantic=\u00a0\u00bbh6&Prime; text_size=\u00a0\u00bbfontsize-160000&Prime; text_transform=\u00a0\u00bbuppercase\u00a0\u00bb text_space=\u00a0\u00bbfontspace-210350&Prime;]ASSOCI\u00c9 \u2013 CLIENT\u00c8LE PRIV\u00c9E[\/vc_custom_heading][vc_custom_heading heading_semantic=\u00a0\u00bbh3&Prime; text_size=\u00a0\u00bbh3&Prime;]Pierre Tardiou[\/vc_custom_heading][vc_column_text]Pierre Tardiou a commenc\u00e9 sa carri\u00e8re bancaire au sein de la Banque SANPAOLO en 1994 o\u00f9 il \u00e9tait g\u00e9rant priv\u00e9 au sein de la Direction des March\u00e9s Financiers jusqu\u2019en 2000. Il rejoint UBS Monaco afin de d\u00e9velopper le segment Key Clients et concevoir des solutions d\u2019investissements sur mesure pour une client\u00e8le locale et italienne. En novembre 2004, il part pour Gen\u00e8ve au sein de la Banque Lombard Odier &amp; Cie afin d\u2019y d\u00e9velopper la client\u00e8le priv\u00e9e UHNWI et assister des familles dans la cession d\u2019entreprises et la structuration d\u2019op\u00e9rations immobili\u00e8res.<\/p>\n<p>En 2016, il quitte Lombard Odier et rejoint 1875 FINANCE.[\/vc_column_text][\/vc_column][\/vc_row][vc_row row_height_percent=\u00a0\u00bb50&Prime; overlay_alpha=\u00a0\u00bb50&Prime; gutter_size=\u00a0\u00bb4&Prime; column_width_percent=\u00a0\u00bb100&Prime; shift_y=\u00a0\u00bb0&Prime; z_index=\u00a0\u00bb0&Prime; el_class=\u00a0\u00bbinverted-device-order\u00a0\u00bb][vc_column width=\u00a0\u00bb1\/2&Prime;][vc_single_image media=\u00a0\u00bb83988&Prime; media_width_percent=\u00a0\u00bb100&Prime; media_ratio=\u00a0\u00bbone-one\u00a0\u00bb shadow=\u00a0\u00bbyes\u00a0\u00bb shadow_weight=\u00a0\u00bbstd\u00a0\u00bb shadow_darker=\u00a0\u00bbyes\u00a0\u00bb][\/vc_column][vc_column column_width_use_pixel=\u00a0\u00bbyes\u00a0\u00bb position_vertical=\u00a0\u00bbmiddle\u00a0\u00bb gutter_size=\u00a0\u00bb3&Prime; overlay_alpha=\u00a0\u00bb50&Prime; shift_x=\u00a0\u00bb0&Prime; shift_y=\u00a0\u00bb0&Prime; shift_y_down=\u00a0\u00bb0&Prime; z_index=\u00a0\u00bb0&Prime; medium_width=\u00a0\u00bb0&Prime; mobile_width=\u00a0\u00bb0&Prime; width=\u00a0\u00bb1\/2&Prime; column_width_pixel=\u00a0\u00bb900&Prime;][vc_custom_heading text_color=\u00a0\u00bbaccent\u00a0\u00bb heading_semantic=\u00a0\u00bbh6&Prime; text_size=\u00a0\u00bbfontsize-160000&Prime; text_transform=\u00a0\u00bbuppercase\u00a0\u00bb text_space=\u00a0\u00bbfontspace-210350&Prime;]ASSOCI\u00c9 \u2013 CLIENT\u00c8LE PRIV\u00c9E[\/vc_custom_heading][vc_custom_heading heading_semantic=\u00a0\u00bbh3&Prime; text_size=\u00a0\u00bbh3&Prime;]Pascal Vulliet[\/vc_custom_heading][vc_column_text]Pascal Vulliet entame sa carri\u00e8re en 1987 aupr\u00e8s de l\u2019Union de Banques Suisses \u00e0 Gen\u00e8ve. Tr\u00e8s vite, il int\u00e8gre les \u00e9tats-major, en reprend la direction et contribue directement \u00e0 la direction du Private Banking. D\u00e8s 1990, il se consacre \u00e9galement \u00e0 la gestion de clients priv\u00e9s et de groupes familiaux en relation avec les instances de la direction. En 1992, il participe au d\u00e9veloppement d\u2019une unit\u00e9 charg\u00e9e de cette client\u00e8le sp\u00e9cifique puis est nomm\u00e9 Membre de la Direction.<\/p>\n<p>A partir de 2001, il en reprend la direction qu\u2019il assurera jusqu\u2019en 2010, date \u00e0 laquelle il quitte la banque pour rejoindre 1875 FINANCE.[\/vc_column_text][\/vc_column][\/vc_row][vc_row][vc_column width=\u00a0\u00bb1\/1&Prime;][vc_empty_space empty_h=\u00a0\u00bb2&Prime;][\/vc_column][\/vc_row]<\/p>\n<\/div>","protected":false},"excerpt":{"rendered":"<p>[vc_row row_height_percent=\u00a0\u00bb0&Prime; override_padding=\u00a0\u00bbyes\u00a0\u00bb h_padding=\u00a0\u00bb2&Prime; top_padding=\u00a0\u00bb5&Prime; bottom_padding=\u00a0\u00bb2&Prime; overlay_alpha=\u00a0\u00bb50&Prime; gutter_size=\u00a0\u00bb3&Prime; column_width_percent=\u00a0\u00bb100&Prime; shift_y=\u00a0\u00bb0&Prime; z_index=\u00a0\u00bb0&Prime;][vc_column column_width_percent=\u00a0\u00bb100&Prime; align_horizontal=\u00a0\u00bbalign_center\u00a0\u00bb gutter_size=\u00a0\u00bb3&Prime; overlay_alpha=\u00a0\u00bb50&Prime; shift_x=\u00a0\u00bb0&Prime; shift_y=\u00a0\u00bb0&Prime; shift_y_down=\u00a0\u00bb0&Prime; z_index=\u00a0\u00bb0&Prime; medium_width=\u00a0\u00bb0&Prime; [&hellip;]<\/p>\n","protected":false},"author":12,"featured_media":84280,"parent":87109,"menu_order":0,"comment_status":"closed","ping_status":"closed","template":"","meta":{"_monsterinsights_skip_tracking":false,"_monsterinsights_sitenote_active":false,"_monsterinsights_sitenote_note":"","_monsterinsights_sitenote_category":0,"footnotes":""},"class_list":["post-87113","page","type-page","status-publish","has-post-thumbnail","hentry"],"yoast_head":"<!-- This site is optimized with the Yoast SEO plugin v27.3 - https:\/\/yoast.com\/product\/yoast-seo-wordpress\/ -->\n<title>1875 Capital - 1875 Finance<\/title>\n<meta name=\"robots\" content=\"index, follow, max-snippet:-1, max-image-preview:large, max-video-preview:-1\" \/>\n<link rel=\"canonical\" href=\"https:\/\/1875.lu\/fr\/societe\/equipe-et-carriere\/1875-capital\/\" \/>\n<meta property=\"og:locale\" content=\"fr_FR\" \/>\n<meta property=\"og:type\" content=\"article\" \/>\n<meta property=\"og:title\" content=\"1875 Capital - 1875 Finance\" \/>\n<meta property=\"og:description\" content=\"[vc_row row_height_percent=\u00a0\u00bb0&Prime; override_padding=\u00a0\u00bbyes\u00a0\u00bb h_padding=\u00a0\u00bb2&Prime; top_padding=\u00a0\u00bb5&Prime; bottom_padding=\u00a0\u00bb2&Prime; overlay_alpha=\u00a0\u00bb50&Prime; gutter_size=\u00a0\u00bb3&Prime; column_width_percent=\u00a0\u00bb100&Prime; shift_y=\u00a0\u00bb0&Prime; z_index=\u00a0\u00bb0&Prime;][vc_column column_width_percent=\u00a0\u00bb100&Prime; align_horizontal=\u00a0\u00bbalign_center\u00a0\u00bb gutter_size=\u00a0\u00bb3&Prime; overlay_alpha=\u00a0\u00bb50&Prime; shift_x=\u00a0\u00bb0&Prime; shift_y=\u00a0\u00bb0&Prime; shift_y_down=\u00a0\u00bb0&Prime; z_index=\u00a0\u00bb0&Prime; medium_width=\u00a0\u00bb0&Prime; [&hellip;]\" \/>\n<meta property=\"og:url\" content=\"https:\/\/1875.lu\/fr\/societe\/equipe-et-carriere\/1875-capital\/\" \/>\n<meta property=\"og:site_name\" content=\"1875 Finance\" \/>\n<meta property=\"article:publisher\" content=\"https:\/\/www.facebook.com\/1875finance\/?fref=ts\" \/>\n<meta property=\"article:modified_time\" content=\"2024-07-18T08:10:39+00:00\" \/>\n<meta property=\"og:image\" content=\"https:\/\/1875.lu\/wp-content\/uploads\/sites\/2\/2020\/03\/websiteimagery24-opt.jpg\" \/>\n\t<meta property=\"og:image:width\" content=\"2560\" \/>\n\t<meta property=\"og:image:height\" content=\"1307\" \/>\n\t<meta property=\"og:image:type\" content=\"image\/jpeg\" \/>\n<meta name=\"twitter:card\" content=\"summary_large_image\" \/>\n<meta name=\"twitter:label1\" content=\"Dur\u00e9e de lecture estim\u00e9e\" \/>\n\t<meta name=\"twitter:data1\" content=\"6 minutes\" \/>\n<script type=\"application\/ld+json\" class=\"yoast-schema-graph\">{\"@context\":\"https:\\\/\\\/schema.org\",\"@graph\":[{\"@type\":\"WebPage\",\"@id\":\"https:\\\/\\\/1875.lu\\\/fr\\\/societe\\\/equipe-et-carriere\\\/1875-capital\\\/\",\"url\":\"https:\\\/\\\/1875.lu\\\/fr\\\/societe\\\/equipe-et-carriere\\\/1875-capital\\\/\",\"name\":\"1875 Capital - 1875 Finance\",\"isPartOf\":{\"@id\":\"https:\\\/\\\/1875.lu\\\/fr\\\/#website\"},\"primaryImageOfPage\":{\"@id\":\"https:\\\/\\\/1875.lu\\\/fr\\\/societe\\\/equipe-et-carriere\\\/1875-capital\\\/#primaryimage\"},\"image\":{\"@id\":\"https:\\\/\\\/1875.lu\\\/fr\\\/societe\\\/equipe-et-carriere\\\/1875-capital\\\/#primaryimage\"},\"thumbnailUrl\":\"https:\\\/\\\/1875.lu\\\/wp-content\\\/uploads\\\/sites\\\/2\\\/2020\\\/03\\\/websiteimagery24-opt.jpg\",\"datePublished\":\"2020-10-10T23:22:50+00:00\",\"dateModified\":\"2024-07-18T08:10:39+00:00\",\"breadcrumb\":{\"@id\":\"https:\\\/\\\/1875.lu\\\/fr\\\/societe\\\/equipe-et-carriere\\\/1875-capital\\\/#breadcrumb\"},\"inLanguage\":\"fr-FR\",\"potentialAction\":[{\"@type\":\"ReadAction\",\"target\":[\"https:\\\/\\\/1875.lu\\\/fr\\\/societe\\\/equipe-et-carriere\\\/1875-capital\\\/\"]}]},{\"@type\":\"ImageObject\",\"inLanguage\":\"fr-FR\",\"@id\":\"https:\\\/\\\/1875.lu\\\/fr\\\/societe\\\/equipe-et-carriere\\\/1875-capital\\\/#primaryimage\",\"url\":\"https:\\\/\\\/1875.lu\\\/wp-content\\\/uploads\\\/sites\\\/2\\\/2020\\\/03\\\/websiteimagery24-opt.jpg\",\"contentUrl\":\"https:\\\/\\\/1875.lu\\\/wp-content\\\/uploads\\\/sites\\\/2\\\/2020\\\/03\\\/websiteimagery24-opt.jpg\",\"width\":2560,\"height\":1307},{\"@type\":\"BreadcrumbList\",\"@id\":\"https:\\\/\\\/1875.lu\\\/fr\\\/societe\\\/equipe-et-carriere\\\/1875-capital\\\/#breadcrumb\",\"itemListElement\":[{\"@type\":\"ListItem\",\"position\":1,\"name\":\"Home\",\"item\":\"https:\\\/\\\/1875.lu\\\/fr\\\/\"},{\"@type\":\"ListItem\",\"position\":2,\"name\":\"Soci\u00e9t\u00e9\",\"item\":\"https:\\\/\\\/1875.lu\\\/fr\\\/societe\\\/\"},{\"@type\":\"ListItem\",\"position\":3,\"name\":\"Equipe et carri\u00e8re\",\"item\":\"https:\\\/\\\/1875.lu\\\/fr\\\/societe\\\/equipe-et-carriere\\\/\"},{\"@type\":\"ListItem\",\"position\":4,\"name\":\"1875 Capital\"}]},{\"@type\":\"WebSite\",\"@id\":\"https:\\\/\\\/1875.lu\\\/fr\\\/#website\",\"url\":\"https:\\\/\\\/1875.lu\\\/fr\\\/\",\"name\":\"1875 Finance\",\"description\":\"The Financial Place to Be\",\"publisher\":{\"@id\":\"https:\\\/\\\/1875.lu\\\/fr\\\/#organization\"},\"potentialAction\":[{\"@type\":\"SearchAction\",\"target\":{\"@type\":\"EntryPoint\",\"urlTemplate\":\"https:\\\/\\\/1875.lu\\\/fr\\\/?s={search_term_string}\"},\"query-input\":{\"@type\":\"PropertyValueSpecification\",\"valueRequired\":true,\"valueName\":\"search_term_string\"}}],\"inLanguage\":\"fr-FR\"},{\"@type\":\"Organization\",\"@id\":\"https:\\\/\\\/1875.lu\\\/fr\\\/#organization\",\"name\":\"1875 Finance\",\"url\":\"https:\\\/\\\/1875.lu\\\/fr\\\/\",\"logo\":{\"@type\":\"ImageObject\",\"inLanguage\":\"fr-FR\",\"@id\":\"https:\\\/\\\/1875.lu\\\/fr\\\/#\\\/schema\\\/logo\\\/image\\\/\",\"url\":\"https:\\\/\\\/1875.lu\\\/wp-content\\\/uploads\\\/sites\\\/2\\\/2020\\\/03\\\/1875-logo.png\",\"contentUrl\":\"https:\\\/\\\/1875.lu\\\/wp-content\\\/uploads\\\/sites\\\/2\\\/2020\\\/03\\\/1875-logo.png\",\"width\":220,\"height\":220,\"caption\":\"1875 Finance\"},\"image\":{\"@id\":\"https:\\\/\\\/1875.lu\\\/fr\\\/#\\\/schema\\\/logo\\\/image\\\/\"},\"sameAs\":[\"https:\\\/\\\/www.facebook.com\\\/1875finance\\\/?fref=ts\",\"https:\\\/\\\/www.youtube.com\\\/channel\\\/UCZA0ykjGQrrEA3GBFkn8cAg\"]}]}<\/script>\n<!-- \/ Yoast SEO plugin. -->","yoast_head_json":{"title":"1875 Capital - 1875 Finance","robots":{"index":"index","follow":"follow","max-snippet":"max-snippet:-1","max-image-preview":"max-image-preview:large","max-video-preview":"max-video-preview:-1"},"canonical":"https:\/\/1875.lu\/fr\/societe\/equipe-et-carriere\/1875-capital\/","og_locale":"fr_FR","og_type":"article","og_title":"1875 Capital - 1875 Finance","og_description":"[vc_row row_height_percent=\u00a0\u00bb0&Prime; override_padding=\u00a0\u00bbyes\u00a0\u00bb h_padding=\u00a0\u00bb2&Prime; top_padding=\u00a0\u00bb5&Prime; bottom_padding=\u00a0\u00bb2&Prime; overlay_alpha=\u00a0\u00bb50&Prime; gutter_size=\u00a0\u00bb3&Prime; column_width_percent=\u00a0\u00bb100&Prime; shift_y=\u00a0\u00bb0&Prime; z_index=\u00a0\u00bb0&Prime;][vc_column column_width_percent=\u00a0\u00bb100&Prime; align_horizontal=\u00a0\u00bbalign_center\u00a0\u00bb gutter_size=\u00a0\u00bb3&Prime; overlay_alpha=\u00a0\u00bb50&Prime; shift_x=\u00a0\u00bb0&Prime; shift_y=\u00a0\u00bb0&Prime; shift_y_down=\u00a0\u00bb0&Prime; z_index=\u00a0\u00bb0&Prime; medium_width=\u00a0\u00bb0&Prime; [&hellip;]","og_url":"https:\/\/1875.lu\/fr\/societe\/equipe-et-carriere\/1875-capital\/","og_site_name":"1875 Finance","article_publisher":"https:\/\/www.facebook.com\/1875finance\/?fref=ts","article_modified_time":"2024-07-18T08:10:39+00:00","og_image":[{"width":2560,"height":1307,"url":"https:\/\/1875.lu\/wp-content\/uploads\/sites\/2\/2020\/03\/websiteimagery24-opt.jpg","type":"image\/jpeg"}],"twitter_card":"summary_large_image","twitter_misc":{"Dur\u00e9e de lecture estim\u00e9e":"6 minutes"},"schema":{"@context":"https:\/\/schema.org","@graph":[{"@type":"WebPage","@id":"https:\/\/1875.lu\/fr\/societe\/equipe-et-carriere\/1875-capital\/","url":"https:\/\/1875.lu\/fr\/societe\/equipe-et-carriere\/1875-capital\/","name":"1875 Capital - 1875 Finance","isPartOf":{"@id":"https:\/\/1875.lu\/fr\/#website"},"primaryImageOfPage":{"@id":"https:\/\/1875.lu\/fr\/societe\/equipe-et-carriere\/1875-capital\/#primaryimage"},"image":{"@id":"https:\/\/1875.lu\/fr\/societe\/equipe-et-carriere\/1875-capital\/#primaryimage"},"thumbnailUrl":"https:\/\/1875.lu\/wp-content\/uploads\/sites\/2\/2020\/03\/websiteimagery24-opt.jpg","datePublished":"2020-10-10T23:22:50+00:00","dateModified":"2024-07-18T08:10:39+00:00","breadcrumb":{"@id":"https:\/\/1875.lu\/fr\/societe\/equipe-et-carriere\/1875-capital\/#breadcrumb"},"inLanguage":"fr-FR","potentialAction":[{"@type":"ReadAction","target":["https:\/\/1875.lu\/fr\/societe\/equipe-et-carriere\/1875-capital\/"]}]},{"@type":"ImageObject","inLanguage":"fr-FR","@id":"https:\/\/1875.lu\/fr\/societe\/equipe-et-carriere\/1875-capital\/#primaryimage","url":"https:\/\/1875.lu\/wp-content\/uploads\/sites\/2\/2020\/03\/websiteimagery24-opt.jpg","contentUrl":"https:\/\/1875.lu\/wp-content\/uploads\/sites\/2\/2020\/03\/websiteimagery24-opt.jpg","width":2560,"height":1307},{"@type":"BreadcrumbList","@id":"https:\/\/1875.lu\/fr\/societe\/equipe-et-carriere\/1875-capital\/#breadcrumb","itemListElement":[{"@type":"ListItem","position":1,"name":"Home","item":"https:\/\/1875.lu\/fr\/"},{"@type":"ListItem","position":2,"name":"Soci\u00e9t\u00e9","item":"https:\/\/1875.lu\/fr\/societe\/"},{"@type":"ListItem","position":3,"name":"Equipe et carri\u00e8re","item":"https:\/\/1875.lu\/fr\/societe\/equipe-et-carriere\/"},{"@type":"ListItem","position":4,"name":"1875 Capital"}]},{"@type":"WebSite","@id":"https:\/\/1875.lu\/fr\/#website","url":"https:\/\/1875.lu\/fr\/","name":"1875 Finance","description":"The Financial Place to Be","publisher":{"@id":"https:\/\/1875.lu\/fr\/#organization"},"potentialAction":[{"@type":"SearchAction","target":{"@type":"EntryPoint","urlTemplate":"https:\/\/1875.lu\/fr\/?s={search_term_string}"},"query-input":{"@type":"PropertyValueSpecification","valueRequired":true,"valueName":"search_term_string"}}],"inLanguage":"fr-FR"},{"@type":"Organization","@id":"https:\/\/1875.lu\/fr\/#organization","name":"1875 Finance","url":"https:\/\/1875.lu\/fr\/","logo":{"@type":"ImageObject","inLanguage":"fr-FR","@id":"https:\/\/1875.lu\/fr\/#\/schema\/logo\/image\/","url":"https:\/\/1875.lu\/wp-content\/uploads\/sites\/2\/2020\/03\/1875-logo.png","contentUrl":"https:\/\/1875.lu\/wp-content\/uploads\/sites\/2\/2020\/03\/1875-logo.png","width":220,"height":220,"caption":"1875 Finance"},"image":{"@id":"https:\/\/1875.lu\/fr\/#\/schema\/logo\/image\/"},"sameAs":["https:\/\/www.facebook.com\/1875finance\/?fref=ts","https:\/\/www.youtube.com\/channel\/UCZA0ykjGQrrEA3GBFkn8cAg"]}]}},"_links":{"self":[{"href":"https:\/\/1875.lu\/fr\/wp-json\/wp\/v2\/pages\/87113","targetHints":{"allow":["GET"]}}],"collection":[{"href":"https:\/\/1875.lu\/fr\/wp-json\/wp\/v2\/pages"}],"about":[{"href":"https:\/\/1875.lu\/fr\/wp-json\/wp\/v2\/types\/page"}],"author":[{"embeddable":true,"href":"https:\/\/1875.lu\/fr\/wp-json\/wp\/v2\/users\/12"}],"replies":[{"embeddable":true,"href":"https:\/\/1875.lu\/fr\/wp-json\/wp\/v2\/comments?post=87113"}],"version-history":[{"count":5,"href":"https:\/\/1875.lu\/fr\/wp-json\/wp\/v2\/pages\/87113\/revisions"}],"predecessor-version":[{"id":87775,"href":"https:\/\/1875.lu\/fr\/wp-json\/wp\/v2\/pages\/87113\/revisions\/87775"}],"up":[{"embeddable":true,"href":"https:\/\/1875.lu\/fr\/wp-json\/wp\/v2\/pages\/87109"}],"wp:featuredmedia":[{"embeddable":true,"href":"https:\/\/1875.lu\/fr\/wp-json\/wp\/v2\/media\/84280"}],"wp:attachment":[{"href":"https:\/\/1875.lu\/fr\/wp-json\/wp\/v2\/media?parent=87113"}],"curies":[{"name":"wp","href":"https:\/\/api.w.org\/{rel}","templated":true}]}}